{"id":22300,"date":"2022-05-02T09:23:24","date_gmt":"2022-05-02T07:23:24","guid":{"rendered":"https:\/\/www.esi.it\/?post_type=rubrica&#038;p=22300"},"modified":"2024-06-19T15:03:20","modified_gmt":"2024-06-19T13:03:20","slug":"pelle-del-viso-cadente-come-ritrovare-compattezza-ed-elasticita","status":"publish","type":"rubrica","link":"https:\/\/www.esi.it\/en\/esi-informa\/bellezza-naturale\/pelle\/pelle-del-viso-cadente-come-ritrovare-compattezza-ed-elasticita\/","title":{"rendered":"Pelle del viso cadente: come ritrovare compattezza ed elasticit\u00e0"},"content":{"rendered":"<p>La<b> pelle del viso cadente<\/b> coincide con un vero e proprio <b>rilassamento cutaneo<\/b>. Con il passare degli anni, la <b>pelle tende a rilassarsi<\/b> anche per effetto della forza di gravit\u00e0. Ogni accorgimento risulta particolarmente utile per frenare questo processo, evitando cattive abitudini, come fumare o seguire un <a href=\"https:\/\/www.esi.it\/it\/esi-informa\/bellezza-naturale\/pelle\/gli-effetti-delle-carenze-alimentari-sulla-pelle\/\">regime alimentare scorretto<\/a>. Scopriamo nell\u2019articolo come puoi contrastare e risolvere il problema della <b>pelle del viso cadente\u00a0<\/b>e <b>ritrovare compattezza ed elasticit\u00e0<\/b>!<\/p>\n<h2>I tre elementi essenziali per mantenere la pelle tonica ed elastica<\/h2>\n<p>Quali sono i tre elementi dei quali la cute non pu\u00f2 fare a meno per mantenersi <b>tonica ed elastica<\/b>?<\/p>\n<ul>\n<li>L&#8217;<b>elastina<\/b> \u00e8 una proteina che costituisce le fibre elastiche dei tessuti connettivi e assume un ruolo fondamentale perch\u00e9 <b>garantisce elasticit\u00e0 alla pelle<\/b>, donando <b>compattezza <\/b>e consentendole di mantenere sempre l&#8217;aspetto originario.<\/li>\n<li>Il <b>collagene <\/b>\u00e8 una proteina fondamentale per il <b>benessere della pelle<\/b>, tra le pi\u00f9 presenti all&#8217;interno del corpo umano e si trova nel tessuto connettivo. \u00c8 una proteina <b>resistente ed elastica<\/b> che nel derma (lo strato cutaneo pi\u00f9 profondo) si dispone in maniera diffusa per fornire sostegno. <b>Dona tono alla pelle e le conferisce uno spessore adeguato<\/b>, compattandola in poco tempo.<\/li>\n<li>L&#8217;<b>adipe<\/b>, infine, corrisponde al <b>tessuto adiposo situato negli strati cutanei profondi<\/b>. Ha il compito di svolgere alcune funzionalit\u00e0 essenziali: contrasta eventuali urti, trasforma lipidi in zuccheri e assorbe al meglio acqua e calore, affinch\u00e9 non si disperdano.<\/li>\n<\/ul>\n<h2>Pelle del viso cadente: Quali sono le cause dell&#8217;invecchiamento precoce?<\/h2>\n<h3>Cattive abitudini e stress<\/h3>\n<p>L&#8217;<a href=\"https:\/\/www.esi.it\/it\/esi-informa\/bellezza-naturale\/pelle\/trattamento-antiage-naturale-estratto-vegetale-di-gatuline\/\"><b>invecchiamento precoce della pelle<\/b><\/a> viene scatenato da alcune cause ben precise. In primo luogo, bisogna prestare attenzione a <b>cattive abitudini<\/b>, come il fumo che tende a danneggiare il sistema vascolare. Un&#8217;alimentazione sbagliata non contrasta al meglio l&#8217;<b>azione dei radicali liberi<\/b> e incrementa la fragilit\u00e0 della cute nella sua protezione, non avendo la giusta quantit\u00e0 di vitamine a sua disposizione. Lo <b>stress <\/b>e l&#8217;<b>ansia<\/b> sono altri due nemici della pelle che la rendono sottile, oltre che soggetta a un rapido invecchiamento e a frequenti irritazioni.<\/p>\n<h3>Alimentazione scorretta e dimagrimento repentino<\/h3>\n<p>Al tempo stesso, ad un <a href=\"https:\/\/www.esi.it\/it\/esi-informa\/bellezza-naturale\/pelle\/invecchiamento-cutaneo-le-buone-abitudini-per-una-pelle-luminosa-e-resistente\/\"><b>invecchiamento precoce della pelle<\/b><\/a> possono essere aggiunti altri elementi, come ad esempio un dimagrimento troppo rapido. Ogni dieta deve essere portata avanti in base alle proprie caratteristiche generali, sempre sotto indicazione del medico o nutrizionista di fiducia. Un&#8217;<b>alimentazione sana e corretta<\/b>, gestita insieme a uno specialista in grado di studiare il metabolismo, consente di perdere peso senza provocare alcun danno ai tessuti, n\u00e9 generando rughe che tendono a rilassarsi.<\/p>\n<h3>Mancanza di idratazione<\/h3>\n<p>Un&#8217;altra ragione per la quale la <b>pelle del viso tende a invecchiare<\/b> con una certa rapidit\u00e0 e facilit\u00e0 \u00e8 la <b>scarsa idratazione<\/b>. Nel corpo umano, l&#8217;acqua \u00e8 l&#8217;elemento pi\u00f9 presente. Bisogna mantenerla sempre al massimo della propria concentrazione durante l&#8217;intera giornata, scongiurando qualsiasi rischio di disidratazione e tutte le eventuali conseguenze che essa conduce con s\u00e9.<\/p>\n<h2>Come prevenire la pelle del viso cadente<\/h2>\n<p>Per aiutare la <b>pelle del viso cadente<\/b> a <b>ritrovare la sua tonicit\u00e0<\/b>, \u00e8 possibile agire d&#8217;anticipo. Tuttavia, un fenomeno del genere non pu\u00f2 essere totalmente evitato e l&#8217;aspetto giovanile viene progressivamente perso naturalmente con l\u2019avanzare dell\u2019et\u00e0. Ad ogni modo, la situazione pu\u00f2 essere rimandata con alcuni piccoli accorgimenti quotidiani.<\/p>\n<p>A tal proposito, <b>applicare la giusta cosmetica pu\u00f2 fare la differenza<\/b>. Per evitare che gli inestetismi emergano con una certa veemenza, ci si pu\u00f2 affidare a creme per il giorno e sieri. Questo senza dimenticare la crema con protezione solare per prevenire l&#8217;<b>azione negativa dei raggi UV<\/b>. Come detto in precedenza, anche l&#8217;alimentazione assume un ruolo fondamentale e i cali di peso repentini vanno ridotti al minimo. A tal proposito, <b>assumere cibi ricchi di vitamine e sostanze antiossidanti<\/b>, come ad esempio gli acidi grassi Omega 3, pu\u00f2 essere un valido sostegno per il <a href=\"https:\/\/www.esi.it\/it\/esi-informa\/bellezza-naturale\/pelle\/benessere-della-pelle-la-routine-quotidiana-per-idratarla-e-proteggerla\/\"><b>benessere della pelle<\/b><\/a>.<\/p>\n<p>Inoltre, la <b>ginnastica facciale<\/b> pu\u00f2 prevenire situazioni di questo genere tramite esercizi mirati e specifici, pronti a <b>tonificare la muscolatura del viso e a rassodare i relativi tessuti<\/b>. Questa pratica pu\u00f2 essere svolta in qualsiasi momento della giornata. Ovviamente, va ricordato che fumo e alcool vanno ridotti al minimo, al fine di evitare conseguenze non proprio desiderate.<\/p>\n<h2>Pelle del viso cadente: quali ingredienti naturali aiutano a tonificarla<\/h2>\n<p>Per fare in modo che la <b>pelle ritrovi compattezza ed elasticit\u00e0<\/b>, servono alcuni accorgimenti da attuare con una certa frequenza. Per esempio, ci si pu\u00f2 affidare ai moderni <b>integratori di bellezza e creme antiet\u00e0<\/b>, contenenti sostanze essenziali come la vitamina C ed E, i polifenoli, l\u2019acido ialuronico e il <a href=\"https:\/\/www.esi.it\/it\/esi-informa\/bellezza-naturale\/pelle\/maschera-al-collagene-il-segreto-per-una-pelle-radiosa\/\">collagene marino<\/a>.\u00a0<\/p>\n<p>Come abbiamo visto in precedenza, la mancanza di un\u2019adeguata idratazione \u00e8 una delle principali cause dell\u2019<b>invecchiamento della pelle e della perdita di tonicit\u00e0<\/b>. A tal proposito, ingredienti come il <b>collagene marino<\/b> e l\u2019<b>acido ialuronico<\/b> limitano l\u2019evaporazione dell\u2019acqua, aiutando a <b>preservare la luminosit\u00e0 della pelle<\/b> e contribuendo a idratarla in profondit\u00e0, con un effetto filler naturale. L&#8217;<b>arginina<\/b> invece, contribuisce a <b>tonificare la pelle<\/b> e a <b>facilitare la rigenerazione cellulare<\/b>. Il <b>burro di karit\u00e8<\/b> immerge la pelle in una <b>sensazione di comfort e setosit\u00e0<\/b>. La <b>rosa di Damasco<\/b> allevia la <b>stanchezza della pelle<\/b>, rigenerandola. <b>Onochiolo e magnololo<\/b>, entrambi provenienti dalla corteccia della magnolia, sono a loro volta ottimi antiossidanti, proprio come la <b>vitamina C<\/b>.<\/p>\n<p>Per sfruttare a pieno le innumerevoli <b>propriet\u00e0 benefiche degli ingredienti naturali<\/b>, si possono applicare queste <b>creme antiet\u00e0<\/b> con <b>massaggi leggeri e tonificanti<\/b>, utili per <b>donare ossigeno ai tessuti della pelle<\/b>. Puoi svolgere il massaggio sia manualmente, sia con l\u2019utilizzo di accessori in cristallo o quarzo, con movimenti dal basso verso l\u2019alto e dall\u2019interno verso l\u2019esterno, in modo da <b>facilitare la circolazione del sangue<\/b> e <b>fornire i giusti nutrienti alla cute<\/b>.<\/p>\n","protected":false},"excerpt":{"rendered":"<p>La pelle del viso cadente coincide con un vero e proprio rilassamento [&hellip;]<\/p>\n","protected":false},"author":7,"featured_media":22301,"template":"","categorie_consigli":[570],"acf":[],"yoast_head":"<!-- This site is optimized with the Yoast SEO plugin v21.1 - https:\/\/yoast.com\/wordpress\/plugins\/seo\/ -->\n<title>Pelle del viso cadente: come ritrovare elasticit\u00e0<\/title>\n<meta name=\"description\" content=\"Leggi l\u2019articolo e scopri come puoi contrastare e risolvere il problema della pelle del viso cadente\u00a0e ritrovare compattezza ed elasticit\u00e0!\" \/>\n<meta name=\"robots\" content=\"index, follow, max-snippet:-1, max-image-preview:large, max-video-preview:-1\" \/>\n<link rel=\"canonical\" href=\"https:\/\/www.esi.it\/it\/esi-informa\/bellezza-naturale\/pelle\/pelle-del-viso-cadente-come-ritrovare-compattezza-ed-elasticita\/\" \/>\n<meta property=\"og:locale\" content=\"en_US\" \/>\n<meta property=\"og:type\" content=\"article\" \/>\n<meta property=\"og:title\" content=\"Pelle del viso cadente: come ritrovare elasticit\u00e0\" \/>\n<meta property=\"og:description\" content=\"Leggi l\u2019articolo e scopri come puoi contrastare e risolvere il problema della pelle del viso cadente\u00a0e ritrovare compattezza ed elasticit\u00e0!\" \/>\n<meta property=\"og:url\" content=\"https:\/\/www.esi.it\/it\/esi-informa\/bellezza-naturale\/pelle\/pelle-del-viso-cadente-come-ritrovare-compattezza-ed-elasticita\/\" \/>\n<meta property=\"og:site_name\" content=\"ESI srl\" \/>\n<meta property=\"article:publisher\" content=\"https:\/\/www.facebook.com\/esi.italia\" \/>\n<meta property=\"article:modified_time\" content=\"2024-06-19T13:03:20+00:00\" \/>\n<meta property=\"og:image\" content=\"https:\/\/www.esi.it\/wp-content\/uploads\/2022\/05\/pelle-cadente.jpg\" \/>\n\t<meta property=\"og:image:width\" content=\"764\" \/>\n\t<meta property=\"og:image:height\" content=\"356\" \/>\n\t<meta property=\"og:image:type\" content=\"image\/jpeg\" \/>\n<meta name=\"twitter:label1\" content=\"Est. reading time\" \/>\n\t<meta name=\"twitter:data1\" content=\"5 minutes\" \/>\n<script type=\"application\/ld+json\" class=\"yoast-schema-graph\">{\"@context\":\"https:\/\/schema.org\",\"@graph\":[{\"@type\":\"Article\",\"@id\":\"https:\/\/www.esi.it\/it\/esi-informa\/bellezza-naturale\/pelle\/pelle-del-viso-cadente-come-ritrovare-compattezza-ed-elasticita\/#article\",\"isPartOf\":{\"@id\":\"https:\/\/www.esi.it\/it\/esi-informa\/bellezza-naturale\/pelle\/pelle-del-viso-cadente-come-ritrovare-compattezza-ed-elasticita\/\"},\"author\":{\"name\":\"Michela Zunino\",\"@id\":\"https:\/\/www.esi.it\/it\/#\/schema\/person\/d8536cdfa3db73ece507a1b349f83152\"},\"headline\":\"Pelle del viso cadente: come ritrovare compattezza ed elasticit\u00e0\",\"datePublished\":\"2022-05-02T07:23:24+00:00\",\"dateModified\":\"2024-06-19T13:03:20+00:00\",\"mainEntityOfPage\":{\"@id\":\"https:\/\/www.esi.it\/it\/esi-informa\/bellezza-naturale\/pelle\/pelle-del-viso-cadente-come-ritrovare-compattezza-ed-elasticita\/\"},\"wordCount\":931,\"publisher\":{\"@id\":\"https:\/\/www.esi.it\/it\/#organization\"},\"inLanguage\":\"en-US\"},{\"@type\":\"WebPage\",\"@id\":\"https:\/\/www.esi.it\/it\/esi-informa\/bellezza-naturale\/pelle\/pelle-del-viso-cadente-come-ritrovare-compattezza-ed-elasticita\/\",\"url\":\"https:\/\/www.esi.it\/it\/esi-informa\/bellezza-naturale\/pelle\/pelle-del-viso-cadente-come-ritrovare-compattezza-ed-elasticita\/\",\"name\":\"Pelle del viso cadente: come ritrovare elasticit\u00e0\",\"isPartOf\":{\"@id\":\"https:\/\/www.esi.it\/it\/#website\"},\"datePublished\":\"2022-05-02T07:23:24+00:00\",\"dateModified\":\"2024-06-19T13:03:20+00:00\",\"description\":\"Leggi l\u2019articolo e scopri come puoi contrastare e risolvere il problema della pelle del viso cadente\u00a0e ritrovare compattezza ed elasticit\u00e0!\",\"breadcrumb\":{\"@id\":\"https:\/\/www.esi.it\/it\/esi-informa\/bellezza-naturale\/pelle\/pelle-del-viso-cadente-come-ritrovare-compattezza-ed-elasticita\/#breadcrumb\"},\"inLanguage\":\"en-US\",\"potentialAction\":[{\"@type\":\"ReadAction\",\"target\":[\"https:\/\/www.esi.it\/it\/esi-informa\/bellezza-naturale\/pelle\/pelle-del-viso-cadente-come-ritrovare-compattezza-ed-elasticita\/\"]}]},{\"@type\":\"BreadcrumbList\",\"@id\":\"https:\/\/www.esi.it\/it\/esi-informa\/bellezza-naturale\/pelle\/pelle-del-viso-cadente-come-ritrovare-compattezza-ed-elasticita\/#breadcrumb\",\"itemListElement\":[{\"@type\":\"ListItem\",\"position\":1,\"name\":\"Rubriche\",\"item\":\"https:\/\/www.esi.it\/it\/esi-informa\/%categorie_consigli%\/\"},{\"@type\":\"ListItem\",\"position\":2,\"name\":\"Pelle del viso cadente: come ritrovare compattezza ed elasticit\u00e0\"}]},{\"@type\":\"WebSite\",\"@id\":\"https:\/\/www.esi.it\/it\/#website\",\"url\":\"https:\/\/www.esi.it\/it\/\",\"name\":\"ESI srl\",\"description\":\"ESI dal 1975 leader in Italia e nel Mondo nel settore del benessere naturale\",\"publisher\":{\"@id\":\"https:\/\/www.esi.it\/it\/#organization\"},\"potentialAction\":[{\"@type\":\"SearchAction\",\"target\":{\"@type\":\"EntryPoint\",\"urlTemplate\":\"https:\/\/www.esi.it\/it\/?s={search_term_string}\"},\"query-input\":\"required name=search_term_string\"}],\"inLanguage\":\"en-US\"},{\"@type\":\"Organization\",\"@id\":\"https:\/\/www.esi.it\/it\/#organization\",\"name\":\"ESI Srl\",\"alternateName\":\"ESI\",\"url\":\"https:\/\/www.esi.it\/it\/\",\"logo\":{\"@type\":\"ImageObject\",\"inLanguage\":\"en-US\",\"@id\":\"https:\/\/www.esi.it\/it\/#\/schema\/logo\/image\/\",\"url\":\"https:\/\/www.esi.it\/wp-content\/uploads\/2025\/05\/esi-logo.jpg\",\"contentUrl\":\"https:\/\/www.esi.it\/wp-content\/uploads\/2025\/05\/esi-logo.jpg\",\"width\":300,\"height\":300,\"caption\":\"ESI Srl\"},\"image\":{\"@id\":\"https:\/\/www.esi.it\/it\/#\/schema\/logo\/image\/\"},\"sameAs\":[\"https:\/\/www.facebook.com\/esi.italia\",\"http:\/\/www.instagram.com\/esi.italia\",\"https:\/\/www.youtube.com\/user\/ESIBenessereNaturale\"]},{\"@type\":\"Person\",\"@id\":\"https:\/\/www.esi.it\/it\/#\/schema\/person\/d8536cdfa3db73ece507a1b349f83152\",\"name\":\"Michela Zunino\",\"image\":{\"@type\":\"ImageObject\",\"inLanguage\":\"en-US\",\"@id\":\"https:\/\/www.esi.it\/it\/#\/schema\/person\/image\/\",\"url\":\"https:\/\/secure.gravatar.com\/avatar\/03d6266a9a7a6b47fcc966be7695fc70?s=96&d=mm&r=g\",\"contentUrl\":\"https:\/\/secure.gravatar.com\/avatar\/03d6266a9a7a6b47fcc966be7695fc70?s=96&d=mm&r=g\",\"caption\":\"Michela Zunino\"},\"url\":\"https:\/\/www.esi.it\/en\/esperti\/mzunino\/\"}]}<\/script>\n<!-- \/ Yoast SEO plugin. -->","yoast_head_json":{"title":"Pelle del viso cadente: come ritrovare elasticit\u00e0","description":"Leggi l\u2019articolo e scopri come puoi contrastare e risolvere il problema della pelle del viso cadente\u00a0e ritrovare compattezza ed elasticit\u00e0!","robots":{"index":"index","follow":"follow","max-snippet":"max-snippet:-1","max-image-preview":"max-image-preview:large","max-video-preview":"max-video-preview:-1"},"canonical":"https:\/\/www.esi.it\/it\/esi-informa\/bellezza-naturale\/pelle\/pelle-del-viso-cadente-come-ritrovare-compattezza-ed-elasticita\/","og_locale":"en_US","og_type":"article","og_title":"Pelle del viso cadente: come ritrovare elasticit\u00e0","og_description":"Leggi l\u2019articolo e scopri come puoi contrastare e risolvere il problema della pelle del viso cadente\u00a0e ritrovare compattezza ed elasticit\u00e0!","og_url":"https:\/\/www.esi.it\/it\/esi-informa\/bellezza-naturale\/pelle\/pelle-del-viso-cadente-come-ritrovare-compattezza-ed-elasticita\/","og_site_name":"ESI srl","article_publisher":"https:\/\/www.facebook.com\/esi.italia","article_modified_time":"2024-06-19T13:03:20+00:00","og_image":[{"width":764,"height":356,"url":"https:\/\/www.esi.it\/wp-content\/uploads\/2022\/05\/pelle-cadente.jpg","type":"image\/jpeg"}],"twitter_misc":{"Est. reading time":"5 minutes"},"schema":{"@context":"https:\/\/schema.org","@graph":[{"@type":"Article","@id":"https:\/\/www.esi.it\/it\/esi-informa\/bellezza-naturale\/pelle\/pelle-del-viso-cadente-come-ritrovare-compattezza-ed-elasticita\/#article","isPartOf":{"@id":"https:\/\/www.esi.it\/it\/esi-informa\/bellezza-naturale\/pelle\/pelle-del-viso-cadente-come-ritrovare-compattezza-ed-elasticita\/"},"author":{"name":"Michela Zunino","@id":"https:\/\/www.esi.it\/it\/#\/schema\/person\/d8536cdfa3db73ece507a1b349f83152"},"headline":"Pelle del viso cadente: come ritrovare compattezza ed elasticit\u00e0","datePublished":"2022-05-02T07:23:24+00:00","dateModified":"2024-06-19T13:03:20+00:00","mainEntityOfPage":{"@id":"https:\/\/www.esi.it\/it\/esi-informa\/bellezza-naturale\/pelle\/pelle-del-viso-cadente-come-ritrovare-compattezza-ed-elasticita\/"},"wordCount":931,"publisher":{"@id":"https:\/\/www.esi.it\/it\/#organization"},"inLanguage":"en-US"},{"@type":"WebPage","@id":"https:\/\/www.esi.it\/it\/esi-informa\/bellezza-naturale\/pelle\/pelle-del-viso-cadente-come-ritrovare-compattezza-ed-elasticita\/","url":"https:\/\/www.esi.it\/it\/esi-informa\/bellezza-naturale\/pelle\/pelle-del-viso-cadente-come-ritrovare-compattezza-ed-elasticita\/","name":"Pelle del viso cadente: come ritrovare elasticit\u00e0","isPartOf":{"@id":"https:\/\/www.esi.it\/it\/#website"},"datePublished":"2022-05-02T07:23:24+00:00","dateModified":"2024-06-19T13:03:20+00:00","description":"Leggi l\u2019articolo e scopri come puoi contrastare e risolvere il problema della pelle del viso cadente\u00a0e ritrovare compattezza ed elasticit\u00e0!","breadcrumb":{"@id":"https:\/\/www.esi.it\/it\/esi-informa\/bellezza-naturale\/pelle\/pelle-del-viso-cadente-come-ritrovare-compattezza-ed-elasticita\/#breadcrumb"},"inLanguage":"en-US","potentialAction":[{"@type":"ReadAction","target":["https:\/\/www.esi.it\/it\/esi-informa\/bellezza-naturale\/pelle\/pelle-del-viso-cadente-come-ritrovare-compattezza-ed-elasticita\/"]}]},{"@type":"BreadcrumbList","@id":"https:\/\/www.esi.it\/it\/esi-informa\/bellezza-naturale\/pelle\/pelle-del-viso-cadente-come-ritrovare-compattezza-ed-elasticita\/#breadcrumb","itemListElement":[{"@type":"ListItem","position":1,"name":"Rubriche","item":"https:\/\/www.esi.it\/it\/esi-informa\/%categorie_consigli%\/"},{"@type":"ListItem","position":2,"name":"Pelle del viso cadente: come ritrovare compattezza ed elasticit\u00e0"}]},{"@type":"WebSite","@id":"https:\/\/www.esi.it\/it\/#website","url":"https:\/\/www.esi.it\/it\/","name":"ESI srl","description":"ESI dal 1975 leader in Italia e nel Mondo nel settore del benessere naturale","publisher":{"@id":"https:\/\/www.esi.it\/it\/#organization"},"potentialAction":[{"@type":"SearchAction","target":{"@type":"EntryPoint","urlTemplate":"https:\/\/www.esi.it\/it\/?s={search_term_string}"},"query-input":"required name=search_term_string"}],"inLanguage":"en-US"},{"@type":"Organization","@id":"https:\/\/www.esi.it\/it\/#organization","name":"ESI Srl","alternateName":"ESI","url":"https:\/\/www.esi.it\/it\/","logo":{"@type":"ImageObject","inLanguage":"en-US","@id":"https:\/\/www.esi.it\/it\/#\/schema\/logo\/image\/","url":"https:\/\/www.esi.it\/wp-content\/uploads\/2025\/05\/esi-logo.jpg","contentUrl":"https:\/\/www.esi.it\/wp-content\/uploads\/2025\/05\/esi-logo.jpg","width":300,"height":300,"caption":"ESI Srl"},"image":{"@id":"https:\/\/www.esi.it\/it\/#\/schema\/logo\/image\/"},"sameAs":["https:\/\/www.facebook.com\/esi.italia","http:\/\/www.instagram.com\/esi.italia","https:\/\/www.youtube.com\/user\/ESIBenessereNaturale"]},{"@type":"Person","@id":"https:\/\/www.esi.it\/it\/#\/schema\/person\/d8536cdfa3db73ece507a1b349f83152","name":"Michela Zunino","image":{"@type":"ImageObject","inLanguage":"en-US","@id":"https:\/\/www.esi.it\/it\/#\/schema\/person\/image\/","url":"https:\/\/secure.gravatar.com\/avatar\/03d6266a9a7a6b47fcc966be7695fc70?s=96&d=mm&r=g","contentUrl":"https:\/\/secure.gravatar.com\/avatar\/03d6266a9a7a6b47fcc966be7695fc70?s=96&d=mm&r=g","caption":"Michela Zunino"},"url":"https:\/\/www.esi.it\/en\/esperti\/mzunino\/"}]}},"_links":{"self":[{"href":"https:\/\/www.esi.it\/en\/wp-json\/wp\/v2\/rubrica\/22300"}],"collection":[{"href":"https:\/\/www.esi.it\/en\/wp-json\/wp\/v2\/rubrica"}],"about":[{"href":"https:\/\/www.esi.it\/en\/wp-json\/wp\/v2\/types\/rubrica"}],"author":[{"embeddable":true,"href":"https:\/\/www.esi.it\/en\/wp-json\/wp\/v2\/users\/7"}],"wp:featuredmedia":[{"embeddable":true,"href":"https:\/\/www.esi.it\/en\/wp-json\/wp\/v2\/media\/22301"}],"wp:attachment":[{"href":"https:\/\/www.esi.it\/en\/wp-json\/wp\/v2\/media?parent=22300"}],"wp:term":[{"taxonomy":"categorie_consigli","embeddable":true,"href":"https:\/\/www.esi.it\/en\/wp-json\/wp\/v2\/categorie_consigli?post=22300"}],"curies":[{"name":"wp","href":"https:\/\/api.w.org\/{rel}","templated":true}]}}